{"id":828,"date":"2021-07-23T00:18:11","date_gmt":"2021-07-23T00:18:11","guid":{"rendered":"http:\/\/www.politikfrance.fr\/?page_id=828"},"modified":"2021-09-23T19:15:00","modified_gmt":"2021-09-23T19:15:00","slug":"projet-citoyens-2022","status":"publish","type":"page","link":"http:\/\/www.politikfrance.fr\/index.php\/projet-citoyens-2022\/","title":{"rendered":"PROJET CITOYENS 2022"},"content":{"rendered":"<h1 style=\"text-align: center;\"><img loading=\"lazy\" decoding=\"async\" class=\"alignright size-medium wp-image-16\" src=\"http:\/\/www.politikfrance.fr\/wp-content\/uploads\/2016\/05\/France-300x180.jpg\" alt=\"\" width=\"300\" height=\"180\" srcset=\"http:\/\/www.politikfrance.fr\/wp-content\/uploads\/2016\/05\/France-300x180.jpg 300w, http:\/\/www.politikfrance.fr\/wp-content\/uploads\/2016\/05\/France-768x461.jpg 768w, http:\/\/www.politikfrance.fr\/wp-content\/uploads\/2016\/05\/France-1024x615.jpg 1024w, http:\/\/www.politikfrance.fr\/wp-content\/uploads\/2016\/05\/France-360x216.jpg 360w\" sizes=\"auto, (max-width: 300px) 100vw, 300px\" \/><img loading=\"lazy\" decoding=\"async\" class=\" wp-image-101 alignleft\" src=\"http:\/\/www.politikfrance.fr\/wp-content\/uploads\/2016\/05\/frederic.png\" alt=\"\" width=\"207\" height=\"207\" srcset=\"http:\/\/www.politikfrance.fr\/wp-content\/uploads\/2016\/05\/frederic.png 277w, http:\/\/www.politikfrance.fr\/wp-content\/uploads\/2016\/05\/frederic-150x150.png 150w, http:\/\/www.politikfrance.fr\/wp-content\/uploads\/2016\/05\/frederic-270x270.png 270w\" sizes=\"auto, (max-width: 207px) 100vw, 207px\" \/><\/h1>\n<h1><\/h1>\n<h1><\/h1>\n<h1><\/h1>\n<h1><\/h1>\n<h1 style=\"text-align: center;\">PRESIDENTIELLES 2022<\/h1>\n<h1 style=\"text-align: center;\">et toutes les \u00e9lections interm\u00e9diaires, aux niveaux locaux et national<\/h1>\n<p>&nbsp;<\/p>\n<p>&nbsp;<\/p>\n<h2>INTRODUCTION :<\/h2>\n<p><strong>Les \u00e9ch\u00e9ances \u00e9lectorales PRESIDENTIELLES de l&rsquo;ann\u00e9e 2017 et leurs pr\u00e9parations, avant, ont mise en \u00e9vidence un effectifs importants de mouvances, de mouvements, d&rsquo;actions, d&rsquo;initiatives Citoyennes, d\u00e9sireux de faire changer les choses. Plusieurs millions en effectifs, dispers\u00e9s sur tout les territoires fran\u00e7ais. Les Citoyens se battent en ce moment \u00a0pour r\u00e9cup\u00e9rer leurs pouvoirs dans tous les domaines. Cela ne fait aucun doute !<\/strong><\/p>\n<p>Force est de constater aujourd&rsquo;hui, que ce travail \u00e0 avanc\u00e9 grandement, toujours intens\u00e9ment, en r\u00e9seaux et sur le terrain, sur tout le territoire fran\u00e7ais et au del\u00e0, fortement.<\/p>\n<p>La question principale, n&rsquo;est plus comment faire, car les initiatives technologiques des pr\u00e9sidentielles 2017 et depuis, ont mis en \u00e9vidences des r\u00e9ussites, dans les process, juridiquement et techniquement.<\/p>\n<p><strong>La question principale est comment se r\u00e9unir en Un Pouvoir Citoyens Rassembl\u00e9,<\/strong> afin de contrer la dispersion des id\u00e9es, des forces, des \u00e9lectorats, des manifestants, et pousser \u00e0 un projet de soci\u00e9t\u00e9, plus \u00e9quitable, plus humain, plus \u00e9cologique, tout en restant \u00e9conomiquement performant.<\/p>\n<p><strong>Nous vous invitons \u00e0 y r\u00e9fl\u00e9chir avec nous, aux niveaux locaux et national &#8230;<\/strong><\/p>\n<h2>5 \/ Perspectives : 2022 &#8211; 2027<\/h2>\n<p><strong>Nos actions pr\u00e9sentes consistent \u00e0 construire et mat\u00e9rialiser, au besoin, un ou des r\u00e9seau (x) de Citoyens conscients, actifs, acteurs. sur les territoires.\u00a0<\/strong><\/p>\n<p>Elles consistent \u00e0 I<strong>nformer<\/strong> le plus grand nombre de ces initiatives in\u00e9dites, de l&rsquo;existence de <strong>citoyens en mouvement<\/strong>, de<strong> rencontres et d&rsquo;\u00e9changes<\/strong> instructifs, <strong>d&rsquo;actions constructives<\/strong>, de la pr\u00e9paration et r\u00e9daction de contenus. En r\u00e9sum\u00e9 d&rsquo;<strong>acquisition de connaissance, de comp\u00e9tences, et d&rsquo;exp\u00e9rience<\/strong> pour continuer \u00e0\u00a0<strong>endosser notre responsabilit\u00e9 politique (gestion de la vie de notre cit\u00e9)<\/strong>, pleinement, en tant qu&rsquo;<strong>acteurs.<\/strong><\/p>\n<p>Vous trouverez dans les autres onglets, <strong>des exemples de dossiers et orientations d\u00e9j\u00e0 travaill\u00e9<\/strong>,<strong> avec<\/strong> des acteurs rencontr\u00e9s aux fils des avanc\u00e9es, <strong>des acteurs de la soci\u00e9t\u00e9s civiles<\/strong>, chacun ma\u00eetrisant son domaine.<\/p>\n<p>Des am\u00e9liorations sont toujours susceptible d&rsquo;\u00eatre apport\u00e9.<\/p>\n<h2>1 \/ Pr\u00e9sidentielles 2017, ce fut Laprimaire.org, Pr\u00e9sidentielles 2022 ce sera Primairepopulaire.fr : Une primaire ouverte aux citoyens aussi.<\/h2>\n<p>C&rsquo;est une <strong>initiative que nous devons \u00e0 un ensemble de personnes priv\u00e9es, Dont Mathilde IMER et\u00a0 Cl\u00e9ment PAIROT entre autres,\u00a0<\/strong><\/p>\n<p>Une structure nomm\u00e9e \u00ab\u00a02022 ou jamais\u00a0\u00bb charg\u00e9e de l&rsquo;organisation de la primaire est cr\u00e9\u00e9e en\u00a0<time class=\"nowrap\" datetime=\"2021-02\" data-sort-value=\"2021-02\">f\u00e9vrier 2021<\/time>. Elle est compos\u00e9e de six salari\u00e9s et b\u00e9n\u00e9ficie de 300\u00a0000\u00a0euros de lev\u00e9e de fonds<sup id=\"cite_ref-Monde_10072021_1-1\" class=\"reference\"><a href=\"https:\/\/fr.wikipedia.org\/wiki\/Primaire_populaire#cite_note-Monde_10072021-1\">1<\/a><\/sup>.\u00a0<a title=\"Mathilde Imer\" href=\"https:\/\/fr.wikipedia.org\/wiki\/Mathilde_Imer\">Mathilde Imer<\/a>, \u00e9cologiste \u00e0 l&rsquo;origine de la\u00a0<a title=\"Convention citoyenne pour le climat\" href=\"https:\/\/fr.wikipedia.org\/wiki\/Convention_citoyenne_pour_le_climat\">Convention citoyenne pour le climat<\/a>\u00a0constitu\u00e9e en 2019, en est la vice-pr\u00e9sidente et l&rsquo;entrepreneur\u00a0<a title=\"Samuel Grzybowski\" href=\"https:\/\/fr.wikipedia.org\/wiki\/Samuel_Grzybowski\">Samuel Grzybowski<\/a>, issu du mouvement\u00a0<a title=\"Coexister\" href=\"https:\/\/fr.wikipedia.org\/wiki\/Coexister\">Coexister<\/a>, en est le directeur politique\u00a0; ils sont tous les deux porte-paroles. Le fondateur de \u00ab\u00a0G\u00e9n\u00e9rations cobayes\u00a0\u00bb Martin Rieussec, le philosophe\u00a0<a title=\"Abdennour Bidar\" href=\"https:\/\/fr.wikipedia.org\/wiki\/Abdennour_Bidar\">Abdennour Bidar<\/a>\u00a0et la sociologue\u00a0<a title=\"Dominique M\u00e9da\" href=\"https:\/\/fr.wikipedia.org\/wiki\/Dominique_M%C3%A9da\">Dominique M\u00e9da<\/a>\u00a0font partie du bureau de l&rsquo;association<sup id=\"cite_ref-10\" class=\"reference\"><a href=\"https:\/\/fr.wikipedia.org\/wiki\/Primaire_populaire#cite_note-10\">10<\/a><\/sup>.<\/p>\n<p>Des comit\u00e9s locaux sont mis en place, afin de pr\u00e9parer un ancrage local au-del\u00e0 des \u00e9tiquettes et avec les\u00a0<a title=\"\u00c9lections l\u00e9gislatives fran\u00e7aises de 2022\" href=\"https:\/\/fr.wikipedia.org\/wiki\/%C3%89lections_l%C3%A9gislatives_fran%C3%A7aises_de_2022\">\u00e9lections l\u00e9gislatives de 2022<\/a>\u00a0en horizon<sup id=\"cite_ref-Rue89Bordeaux_11-0\" class=\"reference\"><a href=\"https:\/\/fr.wikipedia.org\/wiki\/Primaire_populaire#cite_note-Rue89Bordeaux-11\">11<\/a><\/sup>.<\/p>\n<p><strong>NE SOYONS PAS NAIF, contrairement \u00e0 la Primaire.org qui \u00e9tait une offre Neutre, celle ci \u00ab\u00a0www.primairepopulaire.fr\u00a0\u00bbest polaris\u00e9 \u00e0 gauche, avec de la part des organisateurs, une volont\u00e9 de faire \u00e9merger \u00ab\u00a0une figure politique m\u00e9diatis\u00e9\u00a0\u00bb parmi les offres de la Gauche et des Ecologistes actuels.<\/strong><\/p>\n<p><strong>MAIS pour autant, n\u00e9anmoins\u00a0 : ELLE PERMET LA CONSTRUCTION D&rsquo;UNE OFFRE PAR LES CITOYENS POUR LES CITOYENS<\/strong>\u00a0avec des programmes \u00a0venant des citoyens, <b>avec un financement participatif : C&rsquo;EST CETTE OPPORTUNIT\u00c9\u00a0QUE NOUS SAISISSONS AU VOLE !<\/b><\/p>\n<div class=\"o9v6fnle cxmmr5t8 oygrvhab hcukyx3x c1et5uql ii04i59q\">\n<h3 dir=\"auto\"><span style=\"color: #008000;\">Pour soutenir ma candidature \u00e0 la Pr\u00e9sidentielle 2022 :<\/span><\/h3>\n<\/div>\n<div class=\"o9v6fnle cxmmr5t8 oygrvhab hcukyx3x c1et5uql ii04i59q\">\n<div dir=\"auto\"><span style=\"color: #008000;\">Aller sur :<\/span><\/div>\n<div dir=\"auto\"><span style=\"color: #008000;\"><a class=\"oajrlxb2 g5ia77u1 qu0x051f esr5mh6w e9989ue4 r7d6kgcz rq0escxv nhd2j8a9 nc684nl6 p7hjln8o kvgmc6g5 cxmmr5t8 oygrvhab hcukyx3x jb3vyjys rz4wbd8a qt6c0cv9 a8nywdso i1ao9s8h esuyzwwr f1sip0of lzcic4wl py34i1dx gpro0wi8\" tabindex=\"0\" role=\"link\" href=\"http:\/\/www.primairepopulaire.fr\/?fbclid=IwAR3kiTeXmhXrHgkGFLSw0-zJEPsFco50jCSieKKPdxC5ahTG7NLgDdGb52M\" target=\"_blank\" rel=\"nofollow noopener\">www.primairepopulaire.fr<\/a><\/span><\/div>\n<\/div>\n<div class=\"o9v6fnle cxmmr5t8 oygrvhab hcukyx3x c1et5uql ii04i59q\">\n<div dir=\"auto\"><span style=\"color: #008000;\">Rechercher et Cliquer sur \u00ab\u00a0je parraine\u00a0\u00bb 2 fois,<\/span><\/div>\n<div dir=\"auto\"><span style=\"color: #008000;\">Puis sur le \u00ab\u00a0?\u00a0\u00bb \u00ab\u00a0proposer quelqu&rsquo;un d&rsquo;autres\u00a0\u00bb si ma photo n&rsquo;appara\u00eet pas.<\/span><\/div>\n<div dir=\"auto\"><span style=\"color: #008000;\">S&rsquo;inscrire, mail, tel,<\/span><\/div>\n<div dir=\"auto\"><span style=\"color: #008000;\">Puis entrer :<\/span><\/div>\n<div dir=\"auto\"><span style=\"color: #008000;\">\u00ab\u00a0Monsieur\u00a0\u00bb \u00a0\u00bb \u00ab\u00a0Frederic\u00a0\u00bb<\/span><\/div>\n<div dir=\"auto\"><span style=\"color: #008000;\">\u00ab\u00a0Amany\u00a0\u00bb<\/span><\/div>\n<div dir=\"auto\"><span style=\"color: #008000;\">Valider et confirmer<\/span><\/div>\n<div dir=\"auto\"><span style=\"color: #008000;\">Partager <span class=\"pq6dq46d tbxw36s4 knj5qynh kvgmc6g5 ditlmg2l oygrvhab nvdbi5me sf5mxxl7 gl3lb2sf hhz5lgdu\"><img loading=\"lazy\" decoding=\"async\" src=\"https:\/\/static.xx.fbcdn.net\/images\/emoji.php\/v9\/tfc\/1\/16\/1f44d.png\" alt=\"\ud83d\udc4d\" width=\"16\" height=\"16\" \/><\/span>.<\/span><\/div>\n<div dir=\"auto\"><span style=\"color: #008000;\">Merci.<\/span><\/div>\n<\/div>\n<p>&nbsp;<\/p>\n<h2>3 \/ Exemple de ce qu&rsquo;a pu \u00eatre notre positionnement politique dans le projet citoyens 2017 :<\/h2>\n<p>Cependant voil\u00e0 l&rsquo;id\u00e9ologie politique (le projet de soci\u00e9t\u00e9 que nous d\u00e9fendons) dans laquelle nous nous inscrivons :<\/p>\n<p>Concernant<strong> les lois commerciales<\/strong> auxquelles notre pays est soumis : <strong>Passage du Libre Echange Total<\/strong>, libre circulation des marchandises, finances et services, en faisant tomber enti\u00e8rement les barri\u00e8res douani\u00e8res, quotas et normes (pr\u00f4n\u00e9 par l&rsquo;OMC, \u00e0 laquelle a souscrit l&rsquo;UE, repr\u00e9sentant les pays membres) <strong>au Libre Echange R\u00e9gul\u00e9<\/strong>, pour les industries et \u00e9conomies pr\u00e9sentes en France, en r\u00e9-investissant dans les outils de r\u00e9gulation ( taxes douani\u00e8res, quotas et normes) de mani\u00e8re s\u00e9lective et non globale. En privil\u00e9giant des accords bilat\u00e9raux ou multi-partis \u00e9quilibr\u00e9s. REGULATIONS et non LAISSER FAIRE.<\/p>\n<p><strong>Abrogation de la loi EL KHOMRI<\/strong>, qui bouleverse le droit du travail et la hi\u00e9rarchie des normes, laissant les travailleurs \u00e0 la merci des lois du march\u00e9, hors de la protection de l&rsquo;Etat. Cependant, la r\u00e9forme du droit du travail est indispensable afin d&rsquo;introduire de la flexibilit\u00e9 dans la gestion de la masse salariale des entreprises.<\/p>\n<p><strong>Maintient des protections des populations : SANTE, VIEILLESSE, SANTE PUBLIQUE, FONCTION PUBLIQUE.<\/strong><\/p>\n<p>SANTE et VIEILLESSE : <strong>maintient de la protection sociale, et \u00a0de son syst\u00e8me de s\u00e9curit\u00e9 sociale actuelle<\/strong>. Bien sur l&rsquo;organisation et l&rsquo;efficacit\u00e9 des services m\u00e9ritent d&rsquo;\u00eatre am\u00e9lior\u00e9s. Diminuer la multiplicit\u00e9 des caisses et des organismes diff\u00e9rents.<\/p>\n<p>SANTE PUBLIQUE : <strong>maintient des normes, norme de s\u00e9curit\u00e9 sur les \u00a0aliments, sur la s\u00e9curit\u00e9 au travail, sur l&rsquo;environnement &#8230;\u00a0<\/strong>Les normes nous garantissent un environnement sain \u00e0 l&rsquo;abri des danger et pollutions de toutes sortes.<\/p>\n<p>FONCTION PUBLIQUE : <strong>Maintient, voir extension<\/strong>, <strong>de la fonction publique et du statut de fonctionnaire<\/strong>. C&rsquo;est une mesure de protection des personnes. Ce sont des missions r\u00e9galiennes indispensable au bon fonctionnement de la soci\u00e9t\u00e9, qui doivent \u00eatre g\u00e9rer par la soci\u00e9t\u00e9 (l&rsquo;Etat c&rsquo;est nous) et non par des int\u00e9r\u00eats priv\u00e9s. Cependant, l&rsquo;unification des statuts et des diff\u00e9rents r\u00e9gimes existants, pour plus de simplicit\u00e9 et d&rsquo;\u00e9galit\u00e9 semble indispensable ainsi que la mise en place d&rsquo;<strong>un service qualit\u00e9 du service publique<\/strong>, pour assurer \u00e0 la soci\u00e9t\u00e9 le meilleur des services possible.<\/p>\n<p>ECOLOGIE, PROTECTION DE L&rsquo;ENVIRONNEMENT : <strong>Substitution<\/strong> progressive des \u00e9nergies non renouvelable <strong>par des \u00e9nergies renouvelable<\/strong>.\u00a0<strong>Diminution<\/strong>\u00a0mati\u00e8res premi\u00e8res issus des industries p\u00e9troli\u00e8res de notre <strong>quotidien<\/strong>, remplacement par des mati\u00e8res naturels et min\u00e9rales autant que possible, afin de r\u00e9duire les polluants (<strong>plastiques et agrochimies<\/strong>) de notre environnement. D<strong>iminuer la consommation d&rsquo;\u00e9nergie<\/strong> pour des actions peu n\u00e9cessaires.<\/p>\n<p>UNION EUROPEENNE \u00a0: Pas d&rsquo;exigence vis \u00e0 vis de l&rsquo;UE, qui est un syst\u00e8me institutionnel, dans lequel nous vivons. Nous nous inscrivons dans la<strong> d\u00e9fense des citoyens, et non dans la d\u00e9fense des syst\u00e8mes institutionnel<\/strong>. Nous d\u00e9fendons les syst\u00e8mes institutionnel qui s&rsquo;inscrivent dans la d\u00e9fense des citoyens et non dans la d\u00e9fense de leurs maintiens et lois, au d\u00e9pend des citoyens. Donc, nous sommes pour l&rsquo;<strong>affichage de nos exigences d&rsquo;Etat, et d&rsquo;exiger la r\u00e9ponse des structures institutionnelles nous accompagnant dans la satisfaction de ces exigences<\/strong>. Ces structures sont l\u00e0 pour d\u00e9fendre nos int\u00e9r\u00eats de citoyens. S&rsquo;y opposer (pour elles) signifie risque de rupture, car ce serait une preuve que nos int\u00e9r\u00eats n&rsquo;est pas la pr\u00e9occupation de ces instances institutionnelles. Pourquoi, s&rsquo;y soumettre dans ce cas ?<\/p>\n<p>Nos partenaires politiques seront donc ceux qui s&rsquo;inscrivent dans ces lignes &#8230;<\/p>\n<p>Visiter notre page <strong>OUTREMER<\/strong> \u00a0:\u00a0<a href=\"http:\/\/www.politikfrance.fr\/index.php\/accueil-2\/\">http:\/\/www.politikfrance.fr\/index.php\/accueil-2\/<\/a><\/p>\n<p>Visiter notre page facebook :<\/p>\n<p>\u00ab\u00a0Collectif Citoyens &#8211; R\u00e9f\u00e9rencement\u00a0\u00bb :https:\/\/www.facebook.com\/groups\/1430822283603294<\/p>\n<p>Nos contacts R\u00e9union : amany.frederic@gmail.com et 0692 88 27 80<\/p>\n<h2 style=\"text-align: center;\">Citoyens, pr\u00e9parons nous m\u00eame notre avenir et celui de nos enfants : Rejoigner nous !<\/h2>\n<p>Date : Juillet 2021<\/p>\n","protected":false},"excerpt":{"rendered":"<p>PRESIDENTIELLES 2022 et toutes les \u00e9lections interm\u00e9diaires, aux niveaux locaux et national &nbsp; &nbsp; INTRODUCTION : Les \u00e9ch\u00e9ances \u00e9lectorales PRESIDENTIELLES de l&rsquo;ann\u00e9e 2017 et leurs pr\u00e9parations, avant, ont mise en \u00e9vidence un effectifs importants de mouvances, de mouvements, d&rsquo;actions, d&rsquo;initiatives <a href=\"http:\/\/www.politikfrance.fr\/index.php\/projet-citoyens-2022\/\" class=\"read-more\">En savoir plus &#8230;<\/a><\/p>\n","protected":false},"author":2,"featured_media":0,"parent":0,"menu_order":0,"comment_status":"closed","ping_status":"closed","template":"","meta":{"footnotes":""},"class_list":["post-828","page","type-page","status-publish","hentry"],"_links":{"self":[{"href":"http:\/\/www.politikfrance.fr\/index.php\/wp-json\/wp\/v2\/pages\/828","targetHints":{"allow":["GET"]}}],"collection":[{"href":"http:\/\/www.politikfrance.fr\/index.php\/wp-json\/wp\/v2\/pages"}],"about":[{"href":"http:\/\/www.politikfrance.fr\/index.php\/wp-json\/wp\/v2\/types\/page"}],"author":[{"embeddable":true,"href":"http:\/\/www.politikfrance.fr\/index.php\/wp-json\/wp\/v2\/users\/2"}],"replies":[{"embeddable":true,"href":"http:\/\/www.politikfrance.fr\/index.php\/wp-json\/wp\/v2\/comments?post=828"}],"version-history":[{"count":7,"href":"http:\/\/www.politikfrance.fr\/index.php\/wp-json\/wp\/v2\/pages\/828\/revisions"}],"predecessor-version":[{"id":858,"href":"http:\/\/www.politikfrance.fr\/index.php\/wp-json\/wp\/v2\/pages\/828\/revisions\/858"}],"wp:attachment":[{"href":"http:\/\/www.politikfrance.fr\/index.php\/wp-json\/wp\/v2\/media?parent=828"}],"curies":[{"name":"wp","href":"https:\/\/api.w.org\/{rel}","templated":true}]}}